{"id":54704,"date":"2026-03-29T13:24:23","date_gmt":"2026-03-29T11:24:23","guid":{"rendered":"https:\/\/necessities.info\/?post_type=garden_journal&#038;p=54704"},"modified":"2026-03-29T13:28:48","modified_gmt":"2026-03-29T11:28:48","slug":"antligen","status":"publish","type":"garden_journal","link":"https:\/\/necessities.info\/index.php\/tradgardsjournal\/antligen\/","title":{"rendered":"\u00c4ntligen!"},"content":{"rendered":"<div class=\"wp-block-image is-style-default\">\n<figure class=\"aligncenter size-full advgb-dyn-7a62b268\"><img decoding=\"async\" width=\"800\" height=\"800\" src=\"https:\/\/necessities.info\/wp-content\/uploads\/2026\/03\/sadd.jpg\" alt=\"Blomk\u00e5l, kinak\u00e5l, r\u00f6dk\u00e5l, mangold,\" class=\"wp-image-54705\" srcset=\"https:\/\/necessities.info\/wp-content\/uploads\/2026\/03\/sadd.jpg 800w, https:\/\/necessities.info\/wp-content\/uploads\/2026\/03\/sadd-300x300.jpg 300w, https:\/\/necessities.info\/wp-content\/uploads\/2026\/03\/sadd-150x150.jpg 150w, https:\/\/necessities.info\/wp-content\/uploads\/2026\/03\/sadd-768x768.jpg 768w\" sizes=\"(max-width: 800px) 100vw, 800px\" \/><\/figure>\n<\/div>\n\n\n<p>Det \u00e4r alltid lika sp\u00e4nnande den h\u00e4r tiden p\u00e5 \u00e5ret \u2013 n\u00e4r man g\u00e5r in i odlingstunneln och ser de f\u00f6rsta sm\u00e5 gr\u00f6na bladen sticka upp ur jorden. Jag var faktiskt lite os\u00e4ker p\u00e5 om allt skulle ta sig i \u00e5r eftersom jag bara har f\u00f6rgrott i tunneln, men nu b\u00f6rjar det h\u00e4nda saker!<\/p>\n\n\n\n<p>Blomk\u00e5l, kinak\u00e5l, r\u00f6dk\u00e5l, mangold, solrosor och till och med stockrosorna har b\u00f6rjat titta fram. Det k\u00e4nns n\u00e4stan som ett litet mirakel varje g\u00e5ng n\u00e5got gror. <\/p>\n\n\n\n<p>Lite bekymrad \u00e4r jag d\u00e4remot \u00f6ver tomaterna \u2013 de verkar ta lite l\u00e4ngre p\u00e5 sig den h\u00e4r g\u00e5ngen, och jag funderar p\u00e5 om jag ska k\u00f6pa n\u00e5gra plantor som backup. Samtidigt vill jag g\u00e4rna ge mina egna en chans till, f\u00f6r de brukar alltid ta sig n\u00e4r solen v\u00e4l kommer fram p\u00e5 allvar.<\/p>\n\n\n\n<figure class=\"wp-block-image size-full\"><img decoding=\"async\" width=\"800\" height=\"800\" src=\"https:\/\/necessities.info\/wp-content\/uploads\/2026\/03\/tunnlar.jpg\" alt=\"\" class=\"wp-image-54706\" srcset=\"https:\/\/necessities.info\/wp-content\/uploads\/2026\/03\/tunnlar.jpg 800w, https:\/\/necessities.info\/wp-content\/uploads\/2026\/03\/tunnlar-300x300.jpg 300w, https:\/\/necessities.info\/wp-content\/uploads\/2026\/03\/tunnlar-150x150.jpg 150w, https:\/\/necessities.info\/wp-content\/uploads\/2026\/03\/tunnlar-768x768.jpg 768w\" sizes=\"(max-width: 800px) 100vw, 800px\" \/><\/figure>\n\n\n\n<p>Jag har rensat ur flera b\u00e4ddar och gjort fint runt tunnlarna och mellan dem, s\u00e5 nu k\u00e4nns det verkligen v\u00e5rredo. N\u00e4sta steg blir att b\u00f6rja plantera ut lite mer gr\u00f6nt \u2013 och forts\u00e4tta njuta av att allt l\u00e5ngsamt vaknar till liv igen.<\/p>\n","protected":false},"author":1,"featured_media":54705,"template":"","class_list":["post-54704","garden_journal","type-garden_journal","status-publish","has-post-thumbnail","hentry"],"featured_img":"https:\/\/necessities.info\/wp-content\/uploads\/2026\/03\/sadd.jpg","coauthors":[],"author_meta":{"author_link":"https:\/\/necessities.info\/author\/ingalill\/","display_name":"Ingalill"},"relative_dates":{"created":"Publicerad 1 m\u00e5nad sedan","modified":"Uppdaterad 1 m\u00e5nad sedan"},"absolute_dates":{"created":"Publicerat den 29 mars 2026","modified":"Uppdaterad den 29 mars 2026"},"absolute_dates_time":{"created":"Publicerat den 29 mars 2026 13:24","modified":"Uppdaterad den 29 mars 2026 13:28"},"featured_img_caption":"","tax_additional":[],"series_order":"","jetpack_likes_enabled":true,"_links":{"self":[{"href":"https:\/\/necessities.info\/index.php\/wp-json\/wp\/v2\/garden_journal\/54704","targetHints":{"allow":["GET"]}}],"collection":[{"href":"https:\/\/necessities.info\/index.php\/wp-json\/wp\/v2\/garden_journal"}],"about":[{"href":"https:\/\/necessities.info\/index.php\/wp-json\/wp\/v2\/types\/garden_journal"}],"wp:featuredmedia":[{"embeddable":true,"href":"https:\/\/necessities.info\/index.php\/wp-json\/wp\/v2\/media\/54705"}],"wp:attachment":[{"href":"https:\/\/necessities.info\/index.php\/wp-json\/wp\/v2\/media?parent=54704"}],"curies":[{"name":"wp","href":"https:\/\/api.w.org\/{rel}","templated":true}]}}